{"id":72,"date":"2023-11-24T20:05:49","date_gmt":"2023-11-24T19:05:49","guid":{"rendered":"https:\/\/www-2023.edilizia.ing.uniroma2.it\/?page_id=72"},"modified":"2026-04-27T11:03:36","modified_gmt":"2026-04-27T09:03:36","slug":"home","status":"publish","type":"page","link":"https:\/\/edilizia.ing.uniroma2.it\/","title":{"rendered":"Home"},"content":{"rendered":"\n<p><em>Corso di laurea triennale &#8211; Area di Ingegneria &#8211; Accesso libero con prova di verifica obbligatoria delle conoscenze richieste per l&#8217;ammissione al corso. L&#8217;esito della prova non preclude la possibilit\u00e0 di immatricolarsi (D.M. 270\/04) &#8211; Classe L-23<\/em>.<\/p>\n\n\n\n<p><strong>Informazioni generali<\/strong><\/p>\n\n\n\n<ul class=\"wp-block-list\">\n<li>Classe di Laurea: L-23 (D.M. 270\/04)<\/li>\n\n\n\n<li>Tipologia di corso: Laurea triennale<\/li>\n\n\n\n<li>Durata: 3 anni<\/li>\n\n\n\n<li>Tipo di accesso: Accesso libero con prova di verifica obbligatoria delle conoscenze richieste per l\u2019ammissione al corso<\/li>\n\n\n\n<li>Area di afferenza: Ingegneria<\/li>\n\n\n\n<li>Dipartimento: Ingegneria Civile e Ingegneria Informatica<\/li>\n\n\n\n<li>Codice corso: H20<\/li>\n<\/ul>\n\n\n\n<p><strong>Descrizione del corso<\/strong><br>Il Corso di Studio forma una figura professionale che, attraverso la propria preparazione interdisciplinare, sia in grado di identificare i problemi e di ricercare appropriate soluzioni nell&#8217;intero settore dell&#8217;edilizia e di mettere in atto le strategie pi\u00f9 corrette e attuali nell&#8217;ambito della costruzione e della progettazione edilizia. Il Corso \u00e8 progettato in sintonia con le indicazioni espresse nel DPR 328\/2001.<\/p>\n\n\n\n<p>Il laureato \u00e8 abilitato alla professione di Ingegnere junior, figura professionale che deve avere competenze che gli consentano di affiancare l&#8217;attivit\u00e0 dell&#8217;Ingegnere o di operare in autonomia. Infine, il Corso mette in condizioni il laureato di proseguire, eventualmente, verso una laurea magistrale.<\/p>\n\n\n\n<p>Il percorso formativo del Corso di Studio ha l&#8217;obiettivo di offrire sia una solida preparazione di base a carattere generale, essenziale per affrontare lo studio dei corsi pi\u00f9 specialistici del suo settore, sia una preparazione ingegneristica multidisciplinare in grado di fare fronte alle dinamiche evolutive del comparto dell&#8217;edilizia.<\/p>\n\n\n\n<p>Lo studente viene preparato ad affrontare le problematiche attuali delle tecniche della costruzione, al fine di operare efficacemente in diversi campi, quali: la progettazione di nuove costruzioni, per gli aspetti architettonici, tecnologici, strutturali, impiantistici; la manutenzione del patrimonio edilizio esistente; i temi della conservazione, riqualificazione, recupero; la gestione della sicurezza in fase di progettazione ed esecuzione; l&#8217;organizzazione dello sviluppo del processo costruttivo, con ruolo di coordinamento e direzione, relativamente agli aspetti tecnologici, economici, operativi e gestionali.<\/p>\n\n\n\n<p><strong>Sbocchi professionali<\/strong>&nbsp;<br>Il corso, dopo il superamento dell&#8217;Esame di Stato e l&#8217;iscrizione all&#8217;albo, abilita alle seguenti professioni regolamentate:<\/p>\n\n\n\n<ul class=\"wp-block-list\">\n<li>architetto junior<\/li>\n\n\n\n<li>geometra laureato<\/li>\n\n\n\n<li>ingegnere civile e ambientale junior<\/li>\n\n\n\n<li>perito industriale laureato<\/li>\n<\/ul>\n\n\n\n<p>I laureati saranno in possesso di competenze idonee a svolgere attivit\u00e0 professionali in diversi campi, anche concorrendo alle attivit\u00e0 di programmazione, progettazione e attuazione degli interventi di organizzazione e trasformazione dell&#8217;ambiente costruito alle varie scale, l&#8217;analisi del rischio, la gestione della sicurezza in fase di prevenzione e di emergenza, sia nella libera professione che nelle imprese manifatturiere o di servizi nelle amministrazioni pubbliche. Essi potranno esercitare tali competenze presso enti, aziende pubbliche e private, societ\u00e0 di progettazione, industrie di settore e imprese di costruzione, oltre che nella libera professione e nelle attivit\u00e0 di consulenza. Saranno inoltre capaci di comunicare efficacemente, in forma scritta e orale, in almeno una lingua dell&#8217;Unione Europea, oltre l&#8217;italiano.<br><br><br><mark style=\"background-color:rgba(0, 0, 0, 0)\" class=\"has-inline-color has-vivid-red-color\"><strong>AVVISO IMPORTANTE<\/strong><\/mark><br>Si comunica che tutti gli studenti risultati idonei in graduatoria, ai quali non \u00e8 ancora stata assegnata una borsa, sono invitati a partecipare alla riunione di assegnazione delle borse rimanenti:<br><strong>Luned\u00ec, 20 aprile \u00b7 10:00AM<\/strong><br><strong>Fuso orario: Europe\/Rome<\/strong><br><strong>Informazioni per partecipare di Google Meet<\/strong><br><strong>Link alla videochiamata: <\/strong><a href=\"https:\/\/urldefense.com\/v3\/__https:\/meet.google.com\/zyx-jmrn-phw__;!!O5Bi4QcV!E-CetqKUYiRwTJcErYIiZbinJEAyO_YBRZcF5fDeetyb1sEex7pi8KSjGhcjT8ZbV54mu7Jobj6YCsKNc1I-wopPqOGj3K1xnegkrC7zqr8$\" target=\"_blank\" rel=\"noreferrer noopener\"><strong>https:\/\/meet.google.com\/zyx-jmrn-phw<\/strong><\/a> Nota: Non sono previste ulteriori assegnazioni.<br><br><br><\/p>\n\n\n\n<figure class=\"wp-block-image size-full\"><img loading=\"lazy\" decoding=\"async\" width=\"756\" height=\"756\" src=\"https:\/\/edilizia.ing.uniroma2.it\/wp-content\/uploads\/2026\/04\/Avvisi-per-sito.jpg\" alt=\"\" class=\"wp-image-1038\" srcset=\"https:\/\/edilizia.ing.uniroma2.it\/wp-content\/uploads\/2026\/04\/Avvisi-per-sito.jpg 756w, https:\/\/edilizia.ing.uniroma2.it\/wp-content\/uploads\/2026\/04\/Avvisi-per-sito-300x300.jpg 300w, https:\/\/edilizia.ing.uniroma2.it\/wp-content\/uploads\/2026\/04\/Avvisi-per-sito-150x150.jpg 150w, https:\/\/edilizia.ing.uniroma2.it\/wp-content\/uploads\/2026\/04\/Avvisi-per-sito-230x230.jpg 230w, https:\/\/edilizia.ing.uniroma2.it\/wp-content\/uploads\/2026\/04\/Avvisi-per-sito-365x365.jpg 365w\" sizes=\"auto, (max-width: 756px) 100vw, 756px\" \/><\/figure>\n\n\n\n<figure class=\"wp-block-image size-large\"><img loading=\"lazy\" decoding=\"async\" width=\"783\" height=\"1024\" src=\"https:\/\/edilizia.ing.uniroma2.it\/wp-content\/uploads\/2026\/04\/Seminario_forum2-783x1024.jpg\" alt=\"\" class=\"wp-image-1034\" srcset=\"https:\/\/edilizia.ing.uniroma2.it\/wp-content\/uploads\/2026\/04\/Seminario_forum2-783x1024.jpg 783w, https:\/\/edilizia.ing.uniroma2.it\/wp-content\/uploads\/2026\/04\/Seminario_forum2-229x300.jpg 229w, https:\/\/edilizia.ing.uniroma2.it\/wp-content\/uploads\/2026\/04\/Seminario_forum2-768x1004.jpg 768w, https:\/\/edilizia.ing.uniroma2.it\/wp-content\/uploads\/2026\/04\/Seminario_forum2-1175x1536.jpg 1175w, https:\/\/edilizia.ing.uniroma2.it\/wp-content\/uploads\/2026\/04\/Seminario_forum2-1567x2048.jpg 1567w, https:\/\/edilizia.ing.uniroma2.it\/wp-content\/uploads\/2026\/04\/Seminario_forum2-scaled.jpg 1958w\" sizes=\"auto, (max-width: 783px) 100vw, 783px\" \/><figcaption class=\"wp-element-caption\">Vi segnaliamo il seminario a cura di Bentley Education, che si svolger\u00e0 durante il Forum&nbsp;a Tor Vergata il 12 maggio alle ore 15:00 in aula B8. Per maggiori informazioni contattare il Prof. Vittorio Nicolosi <a href=\"mailto:nicolosi@uniroma2.it\">nicolosi@uniroma2.it<\/a><\/figcaption><\/figure>\n\n\n\n<figure class=\"wp-block-image size-full\"><img loading=\"lazy\" decoding=\"async\" width=\"756\" height=\"756\" src=\"https:\/\/edilizia.ing.uniroma2.it\/wp-content\/uploads\/2026\/03\/Avvisi-per-sito.jpg\" alt=\"\" class=\"wp-image-956\" srcset=\"https:\/\/edilizia.ing.uniroma2.it\/wp-content\/uploads\/2026\/03\/Avvisi-per-sito.jpg 756w, https:\/\/edilizia.ing.uniroma2.it\/wp-content\/uploads\/2026\/03\/Avvisi-per-sito-300x300.jpg 300w, https:\/\/edilizia.ing.uniroma2.it\/wp-content\/uploads\/2026\/03\/Avvisi-per-sito-150x150.jpg 150w, https:\/\/edilizia.ing.uniroma2.it\/wp-content\/uploads\/2026\/03\/Avvisi-per-sito-230x230.jpg 230w, https:\/\/edilizia.ing.uniroma2.it\/wp-content\/uploads\/2026\/03\/Avvisi-per-sito-365x365.jpg 365w\" sizes=\"auto, (max-width: 756px) 100vw, 756px\" \/><\/figure>\n\n\n\n<figure class=\"wp-block-image size-large\"><img loading=\"lazy\" decoding=\"async\" width=\"1024\" height=\"1024\" src=\"https:\/\/edilizia.ing.uniroma2.it\/wp-content\/uploads\/2025\/09\/Immagine-WhatsApp-2025-09-19-ore-12.25.07_4ce71e5b-1024x1024.jpg\" alt=\"\" class=\"wp-image-711\" srcset=\"https:\/\/edilizia.ing.uniroma2.it\/wp-content\/uploads\/2025\/09\/Immagine-WhatsApp-2025-09-19-ore-12.25.07_4ce71e5b-1024x1024.jpg 1024w, https:\/\/edilizia.ing.uniroma2.it\/wp-content\/uploads\/2025\/09\/Immagine-WhatsApp-2025-09-19-ore-12.25.07_4ce71e5b-300x300.jpg 300w, https:\/\/edilizia.ing.uniroma2.it\/wp-content\/uploads\/2025\/09\/Immagine-WhatsApp-2025-09-19-ore-12.25.07_4ce71e5b-150x150.jpg 150w, https:\/\/edilizia.ing.uniroma2.it\/wp-content\/uploads\/2025\/09\/Immagine-WhatsApp-2025-09-19-ore-12.25.07_4ce71e5b-768x768.jpg 768w, https:\/\/edilizia.ing.uniroma2.it\/wp-content\/uploads\/2025\/09\/Immagine-WhatsApp-2025-09-19-ore-12.25.07_4ce71e5b-230x230.jpg 230w, https:\/\/edilizia.ing.uniroma2.it\/wp-content\/uploads\/2025\/09\/Immagine-WhatsApp-2025-09-19-ore-12.25.07_4ce71e5b-365x365.jpg 365w, https:\/\/edilizia.ing.uniroma2.it\/wp-content\/uploads\/2025\/09\/Immagine-WhatsApp-2025-09-19-ore-12.25.07_4ce71e5b.jpg 1134w\" sizes=\"auto, (max-width: 1024px) 100vw, 1024px\" \/><figcaption class=\"wp-element-caption\">Vi segnaliamo la possibilit\u00e0 di svolgere delle attivit\u00e0 presso il Laboratorio Strutture e Prove Materiali del nostro Dipartimento, valide ai fini del riconoscimento di CFU per attivit\u00e0 formative.<br>Per maggiori informazioni, scrivere a manuel.bartoli@uniroma2.it o scrivere tramite whatsapp al numero&nbsp;349.2896915<\/figcaption><\/figure>\n\n\n\n<p class=\"has-vivid-red-color has-text-color has-link-color wp-elements-734b686c820092538959dc3eb49b2002\"><strong>NOTIZIA<\/strong><\/p>\n\n\n\n<p>Il Centro Linguistico di Ateneo (CLA) \u00e8 diventato sede d&#8217;esame della certificazione internazionale di lingua inglese IELTS, grazie all&#8217;accordo siglato con International House \u2013 Accademia Britannica Roma (IELTS Official Test Centre).<br>L&#8217;Universit\u00e0 degli Studi di Roma Tor Vergata si afferma cos\u00ec come la prima universit\u00e0 statale nel Lazio a diventare sede d&#8217;esame IELTS in collaborazione con IH Accademia Britannica Roma.<br>Grazie a questo accordo, gli studenti dell&#8217;Ateneo possono usufruire di uno sconto del 5% sul costo di iscrizione all&#8217;esame IELTS.&nbsp;<br>L&#8217;Accademia promuove anche alcune attivit\u00e0 all&#8217;interno dei corsi di preparazione all&#8217;esame IELTS organizzati dal CLA.<br>Tutte le informazioni sono disponibili sul sito del CLA:&nbsp;<a href=\"https:\/\/www-2022.cla.uniroma2.it\/corsi-certificazioni\/\">https:\/\/www-2022.cla.uniroma2.it\/corsi-certificazioni\/<\/a><br>Info al&nbsp;link:&nbsp;<a href=\"https:\/\/web.uniroma2.it\/it\/contenuto\/il-cla-diventa-centro-desame-ufficiale-per-la-certificazione-ielts\">Il CLA diventa centro d\u2019esame ufficiale per la certificazione IELTS<\/a><\/p>\n\n\n\n<p class=\"has-vivid-red-color has-text-color has-link-color wp-elements-1572d9607fc746fdd67fada699b61ad8\"><strong>AVVISO: Sospensione delle attivit\u00e0 didattiche, Luned\u00ec 23 marzo 2026<\/strong><\/p>\n\n\n\n<figure class=\"wp-block-image size-large\"><img loading=\"lazy\" decoding=\"async\" width=\"737\" height=\"1024\" src=\"https:\/\/edilizia.ing.uniroma2.it\/wp-content\/uploads\/2026\/03\/Screenshot-2026-03-19-192050-737x1024.jpg\" alt=\"\" class=\"wp-image-954\" srcset=\"https:\/\/edilizia.ing.uniroma2.it\/wp-content\/uploads\/2026\/03\/Screenshot-2026-03-19-192050-737x1024.jpg 737w, https:\/\/edilizia.ing.uniroma2.it\/wp-content\/uploads\/2026\/03\/Screenshot-2026-03-19-192050-216x300.jpg 216w, https:\/\/edilizia.ing.uniroma2.it\/wp-content\/uploads\/2026\/03\/Screenshot-2026-03-19-192050-768x1067.jpg 768w, https:\/\/edilizia.ing.uniroma2.it\/wp-content\/uploads\/2026\/03\/Screenshot-2026-03-19-192050.jpg 1024w\" sizes=\"auto, (max-width: 737px) 100vw, 737px\" \/><\/figure>\n\n\n\n<div class=\"wp-block-columns is-layout-flex wp-container-core-columns-is-layout-9d6595d7 wp-block-columns-is-layout-flex\">\n<div class=\"wp-block-column is-layout-flow wp-block-column-is-layout-flow\">\n<figure class=\"wp-block-image size-large\"><img loading=\"lazy\" decoding=\"async\" width=\"1024\" height=\"576\" src=\"https:\/\/edilizia.ing.uniroma2.it\/wp-content\/uploads\/2026\/03\/OHR2026_Brochure_Pagina_01-1024x576.jpg\" alt=\"\" class=\"wp-image-922\" srcset=\"https:\/\/edilizia.ing.uniroma2.it\/wp-content\/uploads\/2026\/03\/OHR2026_Brochure_Pagina_01-1024x576.jpg 1024w, https:\/\/edilizia.ing.uniroma2.it\/wp-content\/uploads\/2026\/03\/OHR2026_Brochure_Pagina_01-300x169.jpg 300w, https:\/\/edilizia.ing.uniroma2.it\/wp-content\/uploads\/2026\/03\/OHR2026_Brochure_Pagina_01-768x432.jpg 768w, https:\/\/edilizia.ing.uniroma2.it\/wp-content\/uploads\/2026\/03\/OHR2026_Brochure_Pagina_01-1536x863.jpg 1536w, https:\/\/edilizia.ing.uniroma2.it\/wp-content\/uploads\/2026\/03\/OHR2026_Brochure_Pagina_01.jpg 1822w\" sizes=\"auto, (max-width: 1024px) 100vw, 1024px\" \/><\/figure>\n<\/div>\n\n\n\n<div class=\"wp-block-column is-layout-flow wp-block-column-is-layout-flow\">\n<figure class=\"wp-block-image size-large\"><img loading=\"lazy\" decoding=\"async\" width=\"1024\" height=\"576\" src=\"https:\/\/edilizia.ing.uniroma2.it\/wp-content\/uploads\/2026\/03\/OHR2026_Brochure_Pagina_02-1024x576.jpg\" alt=\"\" class=\"wp-image-923\" srcset=\"https:\/\/edilizia.ing.uniroma2.it\/wp-content\/uploads\/2026\/03\/OHR2026_Brochure_Pagina_02-1024x576.jpg 1024w, https:\/\/edilizia.ing.uniroma2.it\/wp-content\/uploads\/2026\/03\/OHR2026_Brochure_Pagina_02-300x169.jpg 300w, https:\/\/edilizia.ing.uniroma2.it\/wp-content\/uploads\/2026\/03\/OHR2026_Brochure_Pagina_02-768x432.jpg 768w, https:\/\/edilizia.ing.uniroma2.it\/wp-content\/uploads\/2026\/03\/OHR2026_Brochure_Pagina_02-1536x863.jpg 1536w, https:\/\/edilizia.ing.uniroma2.it\/wp-content\/uploads\/2026\/03\/OHR2026_Brochure_Pagina_02.jpg 1822w\" sizes=\"auto, (max-width: 1024px) 100vw, 1024px\" \/><\/figure>\n<\/div>\n<\/div>\n\n\n<p style=\"text-align: center;\">Si segnala l&#8217;attivit\u00e0 formativa Open House Roma (14\u00b0 edizione) 16-24 maggio 2026<\/p>\n<p style=\"text-align: center;\">Descrizione dell\u2019evento:<br \/>Open House Roma nasce dall\u2019idea di un gruppo di architetti e comunicatori orientati<br \/>all\u2019innovazione socio-culturale. \u00c8 un evento annuale che celebra il design e l\u2019architettura nella<br \/>Capitale. Oltre 200 siti solitamente inaccessibili, notevoli per peculiarit\u00e0 architettoniche e<br \/>artistiche, vengono aperti al pubblico attraverso visite guidate gratuite. OHR \u00e8 parte del network<br \/>Open House Worldwide, organizzazione internazionale con sede centrale a Londra, dove il<br \/>progetto \u00e8 nato nel 1992 e si \u00e8 affermato spinto da un formidabile successo di pubblico. Open<br \/>House \u00e8 diffuso in 5 continenti e oltre 40 citt\u00e0. In Italia dopo Roma (1992), hanno aderito anche<br \/>Milano (2016), Torino (2017) e Napoli (2019).<\/p>\n<p style=\"text-align: center;\">Descrizione delle attivit\u00e0:<br \/>Gli studenti potranno candidarsi per i seguenti ruoli: Archi-teller (Guida) e Site-Assistant (Assistente<br \/>al sito).<br \/>Gli Archi-teller di Open House Roma studiano il sito e il percorso di visita, partecipano ai<br \/>sopralluoghi e accompagnano il pubblico nella comprensione degli spazi, offrendo un racconto<br \/>chiaro e accessibile dell\u2019edificio.<br \/>I Site-Assistant supportano logisticamente gli Archi-teller per il corretto svolgimento delle visite<br \/>guidate e si occupano del presidio e del coordinamento dell\u2019esperienza di visita. Accolgono i<br \/>visitatori, gestiscono ingressi e flussi, forniscono informazioni di carattere logistico e, quando<br \/>richiesto, illustrano le principali attrattive storiche e culturali dell\u2019edificio.<\/p>\n<p style=\"text-align: center;\">Sito web ufficiale: <a href=\"http:\/\/www.openhouseroma.org\">www.openhouseroma.org<\/a><\/p>\n<p style=\"text-align: center;\">Gli studenti interessati dovranno pre-iscriversi compilando il form online disponibile al seguente<br \/>link: <a href=\"http:\/\/www.openhouseroma.org\/info\/partecipa#diventa-volontario\">www.openhouseroma.org\/info\/partecipa#diventa-volontario<\/a><br \/>La pre-iscrizione consente di ricevere tutte le informazioni organizzative e partecipare agli incontri<br \/>informativi obbligatori.<br \/>La candidatura definitiva avverr\u00e0 successivamente al primo incontro, secondo le modalit\u00e0<br \/>comunicate dall\u2019organizzazione.<\/p>\n<p style=\"text-align: center;\">Crediti formativi:<br \/>2 CFU<\/p>\n<p style=\"text-align: center;\">Attivit\u00e0 prima dell\u2019evento<br \/>&#8211; 2 Meeting informativi<br \/>&#8211; Formazione in campo: visita guidata condotta da una guida specializzata OHR<br \/>&#8211; Sopralluogo e studio dell&#8217;opera assegnata<\/p>\n<p style=\"text-align: center;\">Attivit\u00e0 durante l\u2019evento<br \/>&#8211; 2 turni da 4 ore o turno unico di 8 ore.<\/p>\n<p style=\"text-align: center;\">Attivit\u00e0 post evento<br \/>&#8211; Relazione sull&#8217;opera<\/p>\n<p style=\"text-align: center;\">Procedura ottenimento crediti:<br \/>L\u2019Associazione Open City Roma, rilascer\u00e0 l&#8217;Attestato di partecipazione che insieme alla relazione<br \/>dell\u2019opera dovr\u00e0 essere consegnato dallo studente alla segreteria didattica per ottenere la<br \/>convalida delle attivit\u00e0 formative.<\/p>\n<p style=\"text-align: center;\"><a href=\"https:\/\/edilizia.ing.uniroma2.it\/wp-content\/uploads\/2026\/03\/OHR2026_Brochure.pdf\">La brochure dell&#8217;evento \u00e8 disponibile QUI<\/a><\/p>\n\n\n<div class=\"wp-block-columns is-layout-flex wp-container-core-columns-is-layout-9d6595d7 wp-block-columns-is-layout-flex\">\n<div class=\"wp-block-column is-layout-flow wp-block-column-is-layout-flow\">\n<figure class=\"wp-block-image size-large\"><img loading=\"lazy\" decoding=\"async\" width=\"709\" height=\"1024\" src=\"https:\/\/edilizia.ing.uniroma2.it\/wp-content\/uploads\/2026\/02\/Locandina-Precorsi-709x1024.jpg\" alt=\"\" class=\"wp-image-906\" srcset=\"https:\/\/edilizia.ing.uniroma2.it\/wp-content\/uploads\/2026\/02\/Locandina-Precorsi-709x1024.jpg 709w, https:\/\/edilizia.ing.uniroma2.it\/wp-content\/uploads\/2026\/02\/Locandina-Precorsi-208x300.jpg 208w, https:\/\/edilizia.ing.uniroma2.it\/wp-content\/uploads\/2026\/02\/Locandina-Precorsi-768x1110.jpg 768w, https:\/\/edilizia.ing.uniroma2.it\/wp-content\/uploads\/2026\/02\/Locandina-Precorsi-1063x1536.jpg 1063w, https:\/\/edilizia.ing.uniroma2.it\/wp-content\/uploads\/2026\/02\/Locandina-Precorsi-1418x2048.jpg 1418w, https:\/\/edilizia.ing.uniroma2.it\/wp-content\/uploads\/2026\/02\/Locandina-Precorsi.jpg 1500w\" sizes=\"auto, (max-width: 709px) 100vw, 709px\" \/><\/figure>\n<\/div>\n\n\n\n<div class=\"wp-block-column is-layout-flow wp-block-column-is-layout-flow\">\n<figure class=\"wp-block-image size-large\"><img loading=\"lazy\" decoding=\"async\" width=\"724\" height=\"1024\" src=\"https:\/\/edilizia.ing.uniroma2.it\/wp-content\/uploads\/2026\/02\/Avviso-precorsi-di-Fisica-724x1024.jpg\" alt=\"\" class=\"wp-image-907\" srcset=\"https:\/\/edilizia.ing.uniroma2.it\/wp-content\/uploads\/2026\/02\/Avviso-precorsi-di-Fisica-724x1024.jpg 724w, https:\/\/edilizia.ing.uniroma2.it\/wp-content\/uploads\/2026\/02\/Avviso-precorsi-di-Fisica-212x300.jpg 212w, https:\/\/edilizia.ing.uniroma2.it\/wp-content\/uploads\/2026\/02\/Avviso-precorsi-di-Fisica-768x1086.jpg 768w, https:\/\/edilizia.ing.uniroma2.it\/wp-content\/uploads\/2026\/02\/Avviso-precorsi-di-Fisica-1086x1536.jpg 1086w, https:\/\/edilizia.ing.uniroma2.it\/wp-content\/uploads\/2026\/02\/Avviso-precorsi-di-Fisica-1448x2048.jpg 1448w, https:\/\/edilizia.ing.uniroma2.it\/wp-content\/uploads\/2026\/02\/Avviso-precorsi-di-Fisica.jpg 1654w\" sizes=\"auto, (max-width: 724px) 100vw, 724px\" \/><\/figure>\n<\/div>\n<\/div>\n\n\n\n<figure class=\"wp-block-image size-full\"><img loading=\"lazy\" decoding=\"async\" width=\"1000\" height=\"1000\" src=\"https:\/\/edilizia.ing.uniroma2.it\/wp-content\/uploads\/2026\/02\/Senza-titolo.jpg\" alt=\"\" class=\"wp-image-903\" srcset=\"https:\/\/edilizia.ing.uniroma2.it\/wp-content\/uploads\/2026\/02\/Senza-titolo.jpg 1000w, https:\/\/edilizia.ing.uniroma2.it\/wp-content\/uploads\/2026\/02\/Senza-titolo-300x300.jpg 300w, https:\/\/edilizia.ing.uniroma2.it\/wp-content\/uploads\/2026\/02\/Senza-titolo-150x150.jpg 150w, https:\/\/edilizia.ing.uniroma2.it\/wp-content\/uploads\/2026\/02\/Senza-titolo-768x768.jpg 768w, https:\/\/edilizia.ing.uniroma2.it\/wp-content\/uploads\/2026\/02\/Senza-titolo-230x230.jpg 230w, https:\/\/edilizia.ing.uniroma2.it\/wp-content\/uploads\/2026\/02\/Senza-titolo-365x365.jpg 365w\" sizes=\"auto, (max-width: 1000px) 100vw, 1000px\" \/><\/figure>\n\n\n\n<p class=\"has-vivid-red-color has-text-color has-link-color wp-elements-75ab0316b26c7b4d82f336097c0be193\"><strong>AVVISO<\/strong><\/p>\n\n\n\n<figure class=\"wp-block-image size-large\"><img loading=\"lazy\" decoding=\"async\" width=\"1024\" height=\"1024\" src=\"https:\/\/edilizia.ing.uniroma2.it\/wp-content\/uploads\/2026\/02\/Locandina-AIVEM-marzo-2026_rev_03-1024x1024.jpg\" alt=\"\" class=\"wp-image-896\" srcset=\"https:\/\/edilizia.ing.uniroma2.it\/wp-content\/uploads\/2026\/02\/Locandina-AIVEM-marzo-2026_rev_03-1024x1024.jpg 1024w, https:\/\/edilizia.ing.uniroma2.it\/wp-content\/uploads\/2026\/02\/Locandina-AIVEM-marzo-2026_rev_03-300x300.jpg 300w, https:\/\/edilizia.ing.uniroma2.it\/wp-content\/uploads\/2026\/02\/Locandina-AIVEM-marzo-2026_rev_03-150x150.jpg 150w, https:\/\/edilizia.ing.uniroma2.it\/wp-content\/uploads\/2026\/02\/Locandina-AIVEM-marzo-2026_rev_03-768x768.jpg 768w, https:\/\/edilizia.ing.uniroma2.it\/wp-content\/uploads\/2026\/02\/Locandina-AIVEM-marzo-2026_rev_03-230x230.jpg 230w, https:\/\/edilizia.ing.uniroma2.it\/wp-content\/uploads\/2026\/02\/Locandina-AIVEM-marzo-2026_rev_03-365x365.jpg 365w, https:\/\/edilizia.ing.uniroma2.it\/wp-content\/uploads\/2026\/02\/Locandina-AIVEM-marzo-2026_rev_03.jpg 1096w\" sizes=\"auto, (max-width: 1024px) 100vw, 1024px\" \/><\/figure>\n\n\n\n<p><br><\/p>\n\n\n\n<p><mark style=\"background-color:rgba(0, 0, 0, 0)\" class=\"has-inline-color has-vivid-red-color\"><strong>AVVISO IMPORTANTE<\/strong><\/mark><\/p>\n\n\n\n<p>Aggiornamento esercitazione di Protezione Civile &#8220;INGEX2026&#8221;<\/p>\n\n\n\n<figure class=\"wp-block-image size-full\"><img loading=\"lazy\" decoding=\"async\" width=\"1978\" height=\"2560\" src=\"https:\/\/edilizia.ing.uniroma2.it\/wp-content\/uploads\/2026\/02\/seminario-18-febbraio-scaled.jpg\" alt=\"\" class=\"wp-image-890\" srcset=\"https:\/\/edilizia.ing.uniroma2.it\/wp-content\/uploads\/2026\/02\/seminario-18-febbraio-scaled.jpg 1978w, https:\/\/edilizia.ing.uniroma2.it\/wp-content\/uploads\/2026\/02\/seminario-18-febbraio-232x300.jpg 232w\" sizes=\"auto, (max-width: 1978px) 100vw, 1978px\" \/><\/figure>\n\n\n\n<p class=\"has-vivid-red-color has-text-color has-link-color wp-elements-73f91eb66fd8ea1133cdd0cdbc35d41f\" style=\"font-style:normal;font-weight:700\">AVVISO<\/p>\n\n\n\n<div class=\"wp-block-columns is-layout-flex wp-container-core-columns-is-layout-9d6595d7 wp-block-columns-is-layout-flex\">\n<div class=\"wp-block-column is-layout-flow wp-block-column-is-layout-flow\">\n<figure class=\"wp-block-image size-full\"><img loading=\"lazy\" decoding=\"async\" width=\"9686\" height=\"9686\" src=\"https:\/\/edilizia.ing.uniroma2.it\/wp-content\/uploads\/2026\/01\/Locandina-AIVEM-marzo-2026_rev_03.jpg\" alt=\"\" class=\"wp-image-848\"\/><\/figure>\n<\/div>\n\n\n\n<div class=\"wp-block-column is-layout-flow wp-block-column-is-layout-flow\">\n<figure class=\"wp-block-image size-large\"><img loading=\"lazy\" decoding=\"async\" width=\"1024\" height=\"1024\" src=\"https:\/\/edilizia.ing.uniroma2.it\/wp-content\/uploads\/2026\/01\/2-1024x1024.jpeg\" alt=\"\" class=\"wp-image-839\" srcset=\"https:\/\/edilizia.ing.uniroma2.it\/wp-content\/uploads\/2026\/01\/2-1024x1024.jpeg 1024w, https:\/\/edilizia.ing.uniroma2.it\/wp-content\/uploads\/2026\/01\/2-300x300.jpeg 300w, https:\/\/edilizia.ing.uniroma2.it\/wp-content\/uploads\/2026\/01\/2-150x150.jpeg 150w, https:\/\/edilizia.ing.uniroma2.it\/wp-content\/uploads\/2026\/01\/2-768x768.jpeg 768w, https:\/\/edilizia.ing.uniroma2.it\/wp-content\/uploads\/2026\/01\/2-1536x1536.jpeg 1536w, https:\/\/edilizia.ing.uniroma2.it\/wp-content\/uploads\/2026\/01\/2-230x230.jpeg 230w, https:\/\/edilizia.ing.uniroma2.it\/wp-content\/uploads\/2026\/01\/2-365x365.jpeg 365w, https:\/\/edilizia.ing.uniroma2.it\/wp-content\/uploads\/2026\/01\/2.jpeg 2048w\" sizes=\"auto, (max-width: 1024px) 100vw, 1024px\" \/><\/figure>\n<\/div>\n<\/div>\n\n\n\n<div class=\"wp-block-columns is-layout-flex wp-container-core-columns-is-layout-9d6595d7 wp-block-columns-is-layout-flex\">\n<div class=\"wp-block-column is-layout-flow wp-block-column-is-layout-flow\">\n<figure class=\"wp-block-image size-large\"><img loading=\"lazy\" decoding=\"async\" width=\"1024\" height=\"575\" src=\"https:\/\/edilizia.ing.uniroma2.it\/wp-content\/uploads\/2026\/01\/3-1024x575.jpeg\" alt=\"\" class=\"wp-image-843\" srcset=\"https:\/\/edilizia.ing.uniroma2.it\/wp-content\/uploads\/2026\/01\/3-1024x575.jpeg 1024w, https:\/\/edilizia.ing.uniroma2.it\/wp-content\/uploads\/2026\/01\/3-300x168.jpeg 300w, https:\/\/edilizia.ing.uniroma2.it\/wp-content\/uploads\/2026\/01\/3-768x431.jpeg 768w, https:\/\/edilizia.ing.uniroma2.it\/wp-content\/uploads\/2026\/01\/3-1536x863.jpeg 1536w, https:\/\/edilizia.ing.uniroma2.it\/wp-content\/uploads\/2026\/01\/3.jpeg 2048w\" sizes=\"auto, (max-width: 1024px) 100vw, 1024px\" \/><\/figure>\n<\/div>\n\n\n\n<div class=\"wp-block-column is-layout-flow wp-block-column-is-layout-flow\">\n<figure class=\"wp-block-image size-large\"><img loading=\"lazy\" decoding=\"async\" width=\"1024\" height=\"575\" src=\"https:\/\/edilizia.ing.uniroma2.it\/wp-content\/uploads\/2026\/01\/4-1024x575.jpeg\" alt=\"\" class=\"wp-image-844\" srcset=\"https:\/\/edilizia.ing.uniroma2.it\/wp-content\/uploads\/2026\/01\/4-1024x575.jpeg 1024w, https:\/\/edilizia.ing.uniroma2.it\/wp-content\/uploads\/2026\/01\/4-300x168.jpeg 300w, https:\/\/edilizia.ing.uniroma2.it\/wp-content\/uploads\/2026\/01\/4-768x431.jpeg 768w, https:\/\/edilizia.ing.uniroma2.it\/wp-content\/uploads\/2026\/01\/4-1536x863.jpeg 1536w, https:\/\/edilizia.ing.uniroma2.it\/wp-content\/uploads\/2026\/01\/4.jpeg 2048w\" sizes=\"auto, (max-width: 1024px) 100vw, 1024px\" \/><\/figure>\n<\/div>\n<\/div>\n\n\n<p>Vi segnaliamo l&#8217;organizzazione di una esercitazione di Protezione Civile &#8220;INGEX2026&#8221;, che si svolger\u00e0 nelle giornate del 12 e 14 marzo, nei comuni di S. Giovanni Incarico e Pico. In allegato, la locandina provvisoria dell&#8217;evento e del materiale relativo alle edizioni passate.<br \/>Si chiede di indicare la propria adesione compilando il seguente link<\/p>\n<p><a href=\"https:\/\/urldefense.com\/v3\/__https:\/\/docs.google.com\/forms\/d\/e\/1FAIpQLSemNKdrhb7Z8ZMdu5rrjAkw4PEeM3SWshKKFidcjfuwaocr5w\/viewform?usp=header__;!!O5Bi4QcV!HM96PNKnUDoUQ4yKlIZ4AnX1VdnSml8ryOTDmn-9bVV4jMF2zGSbozeEEndtqvV0uafO_5Mu_Bi9uWpIBZ8$\">https:\/\/urldefense.com\/v3\/__https:\/\/docs.google.com\/forms\/d\/e\/1FAIpQLSemNKdrhb7Z8ZMdu5rrjAkw4PEeM3SWshKKFidcjfuwaocr5w\/viewform?usp=header__;!!O5Bi4QcV!HM96PNKnUDoUQ4yKlIZ4AnX1VdnSml8ryOTDmn-9bVV4jMF2zGSbozeEEndtqvV0uafO_5Mu_Bi9uWpIBZ8$<\/a><\/p>\n<p>Per maggiori informazioni rivolgersi al Prof. Rodolfo Maria Strollo.<\/p>\n\n\n<p class=\"has-vivid-red-color has-text-color has-link-color wp-elements-f2cd189687a4ccaa6b8ed624c51b1168\" style=\"font-style:normal;font-weight:800\">AVVISO<\/p>\n\n\n\n<div class=\"wp-block-columns is-layout-flex wp-container-core-columns-is-layout-9d6595d7 wp-block-columns-is-layout-flex\">\n<div class=\"wp-block-column is-layout-flow wp-block-column-is-layout-flow\">\n<figure class=\"wp-block-image size-full\"><img loading=\"lazy\" decoding=\"async\" width=\"4961\" height=\"7017\" src=\"https:\/\/edilizia.ing.uniroma2.it\/wp-content\/uploads\/2025\/12\/BIP-Programme-Proposal_enviado_univ_socias_Pagina_1.jpg\" alt=\"\" class=\"wp-image-831\"\/><\/figure>\n<\/div>\n\n\n\n<div class=\"wp-block-column is-layout-flow wp-block-column-is-layout-flow\">\n<figure class=\"wp-block-image size-full\"><img loading=\"lazy\" decoding=\"async\" width=\"4961\" height=\"7017\" src=\"https:\/\/edilizia.ing.uniroma2.it\/wp-content\/uploads\/2025\/12\/BIP-Programme-Proposal_enviado_univ_socias_Pagina_2.jpg\" alt=\"\" class=\"wp-image-832\"\/><\/figure>\n<\/div>\n\n\n\n<div class=\"wp-block-column is-layout-flow wp-block-column-is-layout-flow\">\n<figure class=\"wp-block-image size-full\"><img loading=\"lazy\" decoding=\"async\" width=\"4961\" height=\"7017\" src=\"https:\/\/edilizia.ing.uniroma2.it\/wp-content\/uploads\/2025\/12\/BIP-Programme-Proposal_enviado_univ_socias_Pagina_3.jpg\" alt=\"\" class=\"wp-image-833\"\/><\/figure>\n<\/div>\n<\/div>\n\n\n<p><u>Escuela de Arquitectura y Tecnolog\u00eda, Universidad San Jorge, <\/u><u>Zaragoza<\/u><u><br \/><\/u><strong>Second Edition of the BIP Z-Move<\/strong><\/p>\n<p>Invitation for students from the Architecture \/ Design and related areas to participate in the Blended Intensive Programme Z-Move that is being organised by San Jorge University School of Architecture of Zaragoza for the last week of February.<\/p>\n<p>Attached is the draft programme, specifying the planned activities. Around 5 students from University of Rome Tor Vergata will be accepted, and teachers are also welcome to participate.<\/p>\n<p>This will be the second edition of the BIP Z-Move which was really successful last year and that gathered German, Italian and Spanish students together during 5 intense days.<br \/>Please, let us know if you are interested in this BIP proposal and of course let us know of any questions you may have.<\/p>\n<p>Per maggiori informazioni o per manifestare il proprio interesse nel partecipare all&#8217;iniziativa, contattare la Prof.ssa Nicoletta Marconi<\/p>\n\n\n<figure class=\"wp-block-image size-large\"><img loading=\"lazy\" decoding=\"async\" width=\"1015\" height=\"1024\" src=\"https:\/\/edilizia.ing.uniroma2.it\/wp-content\/uploads\/2025\/10\/Incontro-matricole_locandina-1015x1024.jpg\" alt=\"\" class=\"wp-image-745\" srcset=\"https:\/\/edilizia.ing.uniroma2.it\/wp-content\/uploads\/2025\/10\/Incontro-matricole_locandina-1015x1024.jpg 1015w, https:\/\/edilizia.ing.uniroma2.it\/wp-content\/uploads\/2025\/10\/Incontro-matricole_locandina-297x300.jpg 297w, https:\/\/edilizia.ing.uniroma2.it\/wp-content\/uploads\/2025\/10\/Incontro-matricole_locandina-150x150.jpg 150w, https:\/\/edilizia.ing.uniroma2.it\/wp-content\/uploads\/2025\/10\/Incontro-matricole_locandina-768x775.jpg 768w, https:\/\/edilizia.ing.uniroma2.it\/wp-content\/uploads\/2025\/10\/Incontro-matricole_locandina-1522x1536.jpg 1522w, https:\/\/edilizia.ing.uniroma2.it\/wp-content\/uploads\/2025\/10\/Incontro-matricole_locandina-2029x2048.jpg 2029w\" sizes=\"auto, (max-width: 1015px) 100vw, 1015px\" \/><\/figure>\n\n\n\n<p><\/p>\n\n\n\n<figure class=\"wp-block-image size-large\"><img decoding=\"async\" src=\"https:\/\/www-2023.edilizia.ing.uniroma2.it\/wp-content\/uploads\/2024\/12\/Incontro-matricole.jpg\" alt=\"\"\/><figcaption class=\"wp-element-caption\">Luned\u00ec 13 Gennaio 2025 alle ore 10:30 si terr\u00e0 un incontro di orientamento con le matricole, all&#8217;interno del corso di &#8220;Storia dell&#8217;Architettura 1&#8221; della Prof.ssa Nicoletta Marconi.<br>L&#8217;incontro \u00e8 aperto a tutti gli studenti interessati dei Corsi di Laurea in Ingegneria dell&#8217;Edilizia e di Ingegneria e Tecniche del Costruire.<br>La presentazione della giornata \u00e8 disponibile al seguente <a href=\"https:\/\/edilizia.ing.uniroma2.it\/wp-content\/uploads\/2025\/01\/Incontro-matricole_presentazione.pdf\">LINK<\/a><\/figcaption><\/figure>\n","protected":false},"excerpt":{"rendered":"<p>Corso di laurea triennale &#8211; Area di Ingegneria &#8211; Accesso libero con prova di verifica obbligatoria delle conoscenze richieste per l&#8217;ammissione al corso. L&#8217;esito della prova non preclude la possibilit\u00e0 di immatricolarsi (D.M. 270\/04) &#8211; Classe L-23. Informazioni generali Descrizione<\/p>\n","protected":false},"author":2,"featured_media":0,"parent":0,"menu_order":0,"comment_status":"closed","ping_status":"closed","template":"","meta":{"footnotes":""},"class_list":["post-72","page","type-page","status-publish","hentry"],"_links":{"self":[{"href":"https:\/\/edilizia.ing.uniroma2.it\/index.php?rest_route=\/wp\/v2\/pages\/72","targetHints":{"allow":["GET"]}}],"collection":[{"href":"https:\/\/edilizia.ing.uniroma2.it\/index.php?rest_route=\/wp\/v2\/pages"}],"about":[{"href":"https:\/\/edilizia.ing.uniroma2.it\/index.php?rest_route=\/wp\/v2\/types\/page"}],"author":[{"embeddable":true,"href":"https:\/\/edilizia.ing.uniroma2.it\/index.php?rest_route=\/wp\/v2\/users\/2"}],"replies":[{"embeddable":true,"href":"https:\/\/edilizia.ing.uniroma2.it\/index.php?rest_route=%2Fwp%2Fv2%2Fcomments&post=72"}],"version-history":[{"count":104,"href":"https:\/\/edilizia.ing.uniroma2.it\/index.php?rest_route=\/wp\/v2\/pages\/72\/revisions"}],"predecessor-version":[{"id":1039,"href":"https:\/\/edilizia.ing.uniroma2.it\/index.php?rest_route=\/wp\/v2\/pages\/72\/revisions\/1039"}],"wp:attachment":[{"href":"https:\/\/edilizia.ing.uniroma2.it\/index.php?rest_route=%2Fwp%2Fv2%2Fmedia&parent=72"}],"curies":[{"name":"wp","href":"https:\/\/api.w.org\/{rel}","templated":true}]}}